{"id":6735,"date":"2020-04-07T10:12:59","date_gmt":"2020-04-07T07:12:59","guid":{"rendered":"https:\/\/bonis-avibus.fi\/bonis-avibus\/?page_id=6735"},"modified":"2021-04-06T11:06:40","modified_gmt":"2021-04-06T08:06:40","slug":"kello-kay","status":"publish","type":"page","link":"https:\/\/bonis-avibus.fi\/bonis-avibus\/kello-kay\/","title":{"rendered":"Kello k\u00e4y"},"content":{"rendered":"<p><img loading=\"lazy\" decoding=\"async\" width=\"960\" height=\"656\" src=\"https:\/\/bonis-avibus.fi\/bonis-avibus\/wp-content\/uploads\/2020\/04\/Kuva-Kello-k\u00e4y-runoon...jpg\" alt=\"\" srcset=\"https:\/\/bonis-avibus.fi\/bonis-avibus\/wp-content\/uploads\/2020\/04\/Kuva-Kello-k\u00e4y-runoon...jpg 960w, https:\/\/bonis-avibus.fi\/bonis-avibus\/wp-content\/uploads\/2020\/04\/Kuva-Kello-k\u00e4y-runoon..-300x205.jpg 300w, https:\/\/bonis-avibus.fi\/bonis-avibus\/wp-content\/uploads\/2020\/04\/Kuva-Kello-k\u00e4y-runoon..-768x525.jpg 768w, https:\/\/bonis-avibus.fi\/bonis-avibus\/wp-content\/uploads\/2020\/04\/Kuva-Kello-k\u00e4y-runoon..-800x547.jpg 800w\" sizes=\"auto, (max-width: 960px) 100vw, 960px\"><\/p>\n<p>&#8221;Kello k\u00e4y&#8221; runoni syntyi 22.-23.3 2020 tilanteessa, jossa pyrin hahmottamaan koronatilannetta aktiivisesti seuraamalla, ett\u00e4 mist\u00e4 ihmeest\u00e4 t\u00e4ss\u00e4 on oikein kyse? Kun tilanne paheni p\u00e4iv\u00e4 p\u00e4iv\u00e4lt\u00e4 Italiassa, huomasin addiktoituvani uutisten katsomiseen ja j\u00e4rkytt\u00e4vien tietojen lukemiseen. Onneksi kev\u00e4\u00e4n edetess\u00e4 olen ymm\u00e4rt\u00e4nyt pit\u00e4\u00e4 vapaap\u00e4ivi\u00e4 uutisista. Luonnossa liikkuminen ja muuttolintujen kiikarointi ovat tuoneet iloa ja levollisuutta.<\/p>\n<p>Aloin kirjoittamaan t\u00e4t\u00e4 runoa yst\u00e4v\u00e4ni kanssa k\u00e4ym\u00e4ni keskustelun j\u00e4lkeen. Minun omat vanhempani ovat jo kuolleet, \u00e4iti vuonna 2003 ja is\u00e4 1976. Yst\u00e4v\u00e4ll\u00e4ni sensijaan ovat viel\u00e4 omat vanhemmat elossa. Aistin h\u00e4nest\u00e4 huolen, kun yst\u00e4v\u00e4ni pohti sit\u00e4, ett\u00e4 mitenh\u00e4n jo i\u00e4kk\u00e4ille; rakkaalle is\u00e4lle ja \u00e4idille k\u00e4y t\u00e4n\u00e4 kev\u00e4\u00e4n\u00e4?<\/p>\n<p>Yritin p\u00e4\u00e4st\u00e4 mielikuvissa sellaisen ihmisen tunnemaailmaan, jolla ik\u00e4\u00e4 on jo niin paljon, ett\u00e4 h\u00e4n on riskiryhm\u00e4n ytimess\u00e4.<\/p>\n<p>Aloin etsi\u00e4 niille tunteille sopivaa musiikkia. L\u00f6ysin Ian Maksin kappaleen &#8221;Respiro&#8221;.<\/p>\n<p>T\u00e4m\u00e4 on hieno s\u00e4vellys ja viel\u00e4 nimelt\u00e4\u00e4nkin &#8221;Hengitys&#8221;! Kappaleen alussa on kuin kellon tikityst\u00e4! Niihin s\u00e4veliin alkoi synty\u00e4 t\u00e4m\u00e4 vanhuksen runo lapsilleen ja lastensa lapsille <span class=\"sce_emoji-heart\" title=\"heart\"><\/span><\/p>\n<p>Sain t\u00e4m\u00e4n runoni tastalle hyv\u00e4n yst\u00e4v\u00e4ni Jussi Savolaisen \u00e4\u00e4nitt\u00e4mi\u00e4 linnunlauluja. Ensimm\u00e4inen on pajulintu ja lopussa laulaa kes\u00e4isin tuntureilla ja purojenvarsilla asusteleva sinirinta. Sen laulu on eritt\u00e4in kaunis ja monivivahteinen.<\/p>\n<p>Klikkaa ensin musiikki soimaan ja sitten runoni. Sulje silm\u00e4si ja kuuntele teostani rauhassa syv\u00e4\u00e4n hengitellen&#8230; Kun musiikki l\u00e4htee kuulumaan runoni j\u00e4lkeen uudelleen, niin katso Ian Maksinin upea esitys.<\/p>\n<p><img loading=\"lazy\" decoding=\"async\" width=\"960\" height=\"640\" src=\"https:\/\/bonis-avibus.fi\/bonis-avibus\/wp-content\/uploads\/2020\/04\/Ihminen-3.jpg\" alt=\"\" srcset=\"https:\/\/bonis-avibus.fi\/bonis-avibus\/wp-content\/uploads\/2020\/04\/Ihminen-3.jpg 960w, https:\/\/bonis-avibus.fi\/bonis-avibus\/wp-content\/uploads\/2020\/04\/Ihminen-3-300x200.jpg 300w, https:\/\/bonis-avibus.fi\/bonis-avibus\/wp-content\/uploads\/2020\/04\/Ihminen-3-768x512.jpg 768w, https:\/\/bonis-avibus.fi\/bonis-avibus\/wp-content\/uploads\/2020\/04\/Ihminen-3-800x533.jpg 800w, https:\/\/bonis-avibus.fi\/bonis-avibus\/wp-content\/uploads\/2020\/04\/Ihminen-3-272x182.jpg 272w\" sizes=\"auto, (max-width: 960px) 100vw, 960px\"><br \/>\n<iframe loading=\"lazy\" title=\"Ian Maksin: RESPIRO (Official Video)\" width=\"500\" height=\"281\" src=\"https:\/\/www.youtube.com\/embed\/ksCbfq-YNgA?feature=oembed\" frameborder=\"0\" allow=\"accelerometer; autoplay; clipboard-write; encrypted-media; gyroscope; picture-in-picture; web-share\" referrerpolicy=\"strict-origin-when-cross-origin\" allowfullscreen><\/iframe><\/p>\n<p><div class=\"compact_audio_player_wrapper\"><div class=\"sc_player_container1\"><input type=\"button\" id=\"btnplay_69eddf831a8828.32819112\" class=\"myButton_play\" onClick=\"play_mp3('play','69eddf831a8828.32819112','https:\/\/bonis-avibus.fi\/bonis-avibus\/wp-content\/uploads\/2020\/04\/Kello-k\u00e4y-valmis.mp3','80','false');show_hide('play','69eddf831a8828.32819112');\" \/><input type=\"button\"  id=\"btnstop_69eddf831a8828.32819112\" style=\"display:none\" class=\"myButton_stop\" onClick=\"play_mp3('stop','69eddf831a8828.32819112','','80','false');show_hide('stop','69eddf831a8828.32819112');\" \/><div id=\"sm2-container\"><!-- flash movie ends up here --><\/div><\/div><\/div> T\u00e4st\u00e4 voit kuunnella tulkintani runosta.<\/p>\n\r\n\t\t<div class=\"magee-expand \" id=\"\" data-less-icon=\"fa-arrow-circle-up\" data-less-icon-color=\"#002a8e\" data-less-text=\"Piilota\" data-more-icon=\"fa-arrow-circle-down\" data-more-icon-color=\"#002a8e\" data-more-text=\"Napsauttamalla t\u00e4t\u00e4 l\u00f6ytyy runoni kirjallinen versio\">\r\n            <div class=\"expand-control control-4jiax2\"><i class=\"fa fa-arrow-circle-down\" style=\"color:#002a8e;\"><\/i> Napsauttamalla t\u00e4t\u00e4 l\u00f6ytyy runoni kirjallinen versio<\/div>\r\n\t\t\t\t<div class=\"expand-content\" style=\"display:none;\">\r\n\t\t\t\t\t<\/p>\n<p>Kello k\u00e4y!<\/p>\n<p>Sekunnit takovat seini\u00e4.<\/p>\n<p>Kello k\u00e4y!<\/p>\n<p>Maailma t\u00e4ynn\u00e4 uutisia.<\/p>\n<p>Hengitys,<br \/>\nrintakeh\u00e4st\u00e4 palleaan.<\/p>\n<p>Milt\u00e4 tuntuisi,<br \/>\nkun lopulta en saisikaan en\u00e4\u00e4 ilmaa?<\/p>\n<p>Muistan kauan sitten.<br \/>\nPidin h\u00e4nt\u00e4 k\u00e4dest\u00e4.<br \/>\nMuistan viel\u00e4kin viimeisen henk\u00e4yksen.<\/p>\n<p>Milt\u00e4 tuntuisi odottaa l\u00e4ht\u00f6\u00e4,<br \/>\nkun ei ket\u00e4\u00e4n rakasta l\u00e4hell\u00e4?<\/p>\n<p>Kello k\u00e4y,<br \/>\nKaikuu syd\u00e4mess\u00e4ni asti.<\/p>\n<p>Tahdon el\u00e4\u00e4\u2026<\/p>\n<p>Haluan viel\u00e4 ehti\u00e4 rakastamaan teit\u00e4.<\/p>\n<p>Tahdon n\u00e4hd\u00e4 tulevan kes\u00e4n,<\/p>\n<p>omenapuun kukat.<\/p>\n<p>Tahdon kuulla muuttolintujen laulut,<\/p>\n<p>vied\u00e4 lastenlapsia aamukalaan,<\/p>\n<p>poimia mustikoita mets\u00e4n sylist\u00e4.<\/p>\n<p>Voi miten paljon rakastankaan teit\u00e4 kaikkia&#8230;<\/p>\n<p>Tahdon pyyt\u00e4\u00e4 anteeksi,<\/p>\n<p>etten aikoinaan osannut antaa sit\u00e4,<\/p>\n<p>mit\u00e4 te olisitte eniten tarvinneet.<\/p>\n<p>Voi miten heikot ev\u00e4\u00e4t meill\u00e4 sodan runtelemilla,<\/p>\n<p>ja niin paljon tunteita hukassa.<\/p>\n<p>Tulkaa kaikki kaipauksen kyyneleet.<\/p>\n<p>Tulkaa takaisin kotiin.<\/p>\n<p>Min\u00e4 odotan teit\u00e4.<\/p>\n<p>Virratkaa t\u00e4m\u00e4 routainen maa rakkautta kukkivaksi puutarhaksi.<\/p>\n<p>Tulkaa kaikki ilon ja riemun linnut,<\/p>\n<p>laulakaa,<\/p>\n<p>tehk\u00e4\u00e4 untuvainen pes\u00e4nne syd\u00e4meeni.<\/p>\n<p>Kiitos teille kaikille rakkaille,<\/p>\n<p>kiitos el\u00e4m\u00e4lle,<\/p>\n<p>kiitos,<\/p>\n<p>kiitos,<\/p>\n<p>kiitos&#8230;<\/p>\n<div class=\" divider magee-divider magee-shortcode divider-pnnoqe divider-shadow\" id=\"\"><div class=\"divider-inner divider-border\"><\/div><\/div> \r\n\t\t\t\t<\/div>\r\n\t\t\t<\/div>\n<p><img loading=\"lazy\" decoding=\"async\" width=\"1024\" height=\"768\" src=\"https:\/\/bonis-avibus.fi\/bonis-avibus\/wp-content\/uploads\/2020\/04\/V\u00e4in\u00f6nputkia.jpg\" alt=\"\" srcset=\"https:\/\/bonis-avibus.fi\/bonis-avibus\/wp-content\/uploads\/2020\/04\/V\u00e4in\u00f6nputkia.jpg 1024w, https:\/\/bonis-avibus.fi\/bonis-avibus\/wp-content\/uploads\/2020\/04\/V\u00e4in\u00f6nputkia-300x225.jpg 300w, https:\/\/bonis-avibus.fi\/bonis-avibus\/wp-content\/uploads\/2020\/04\/V\u00e4in\u00f6nputkia-768x576.jpg 768w, https:\/\/bonis-avibus.fi\/bonis-avibus\/wp-content\/uploads\/2020\/04\/V\u00e4in\u00f6nputkia-800x600.jpg 800w, https:\/\/bonis-avibus.fi\/bonis-avibus\/wp-content\/uploads\/2020\/04\/V\u00e4in\u00f6nputkia-400x300.jpg 400w\" sizes=\"auto, (max-width: 1024px) 100vw, 1024px\"><\/p>\n","protected":false},"excerpt":{"rendered":"<p>&#8221;Kello k\u00e4y&#8221; runoni syntyi 22.-23.3 2020 tilanteessa, jossa pyrin hahmottamaan koronatilannetta aktiivisesti seuraamalla, ett\u00e4 mist\u00e4 ihmeest\u00e4 t\u00e4ss\u00e4 on oikein kyse? Kun tilanne paheni p\u00e4iv\u00e4 p\u00e4iv\u00e4lt\u00e4 Italiassa, huomasin addiktoituvani uutisten katsomiseen ja j\u00e4rkytt\u00e4vien tietojen lukemiseen. Onneksi kev\u00e4\u00e4n edetess\u00e4 olen ymm\u00e4rt\u00e4nyt pit\u00e4\u00e4 vapaap\u00e4ivi\u00e4 uutisista. Luonnossa liikkuminen ja muuttolintujen kiikarointi ovat tuoneet iloa ja levollisuutta. Aloin kirjoittamaan t\u00e4t\u00e4 runoa yst\u00e4v\u00e4ni kanssa k\u00e4ym\u00e4ni keskustelun<\/p>\n<p><a class=\"more-link\" href=\"https:\/\/bonis-avibus.fi\/bonis-avibus\/kello-kay\/\">Read More<\/a><\/p>\n","protected":false},"author":1,"featured_media":0,"parent":0,"menu_order":0,"comment_status":"closed","ping_status":"closed","template":"","meta":{"footnotes":""},"class_list":["post-6735","page","type-page","status-publish","hentry"],"_links":{"self":[{"href":"https:\/\/bonis-avibus.fi\/bonis-avibus\/wp-json\/wp\/v2\/pages\/6735","targetHints":{"allow":["GET"]}}],"collection":[{"href":"https:\/\/bonis-avibus.fi\/bonis-avibus\/wp-json\/wp\/v2\/pages"}],"about":[{"href":"https:\/\/bonis-avibus.fi\/bonis-avibus\/wp-json\/wp\/v2\/types\/page"}],"author":[{"embeddable":true,"href":"https:\/\/bonis-avibus.fi\/bonis-avibus\/wp-json\/wp\/v2\/users\/1"}],"replies":[{"embeddable":true,"href":"https:\/\/bonis-avibus.fi\/bonis-avibus\/wp-json\/wp\/v2\/comments?post=6735"}],"version-history":[{"count":24,"href":"https:\/\/bonis-avibus.fi\/bonis-avibus\/wp-json\/wp\/v2\/pages\/6735\/revisions"}],"predecessor-version":[{"id":7487,"href":"https:\/\/bonis-avibus.fi\/bonis-avibus\/wp-json\/wp\/v2\/pages\/6735\/revisions\/7487"}],"wp:attachment":[{"href":"https:\/\/bonis-avibus.fi\/bonis-avibus\/wp-json\/wp\/v2\/media?parent=6735"}],"curies":[{"name":"wp","href":"https:\/\/api.w.org\/{rel}","templated":true}]}}